{"id":143,"date":"2022-06-24T15:28:17","date_gmt":"2022-06-24T13:28:17","guid":{"rendered":"https:\/\/fondationmiotte.com\/?page_id=143"},"modified":"2023-09-26T18:39:54","modified_gmt":"2023-09-26T16:39:54","slug":"fondation-jean-miotte","status":"publish","type":"page","link":"https:\/\/fondationmiotte.com\/","title":{"rendered":"Fondation Jean Miotte"},"content":{"rendered":"<div class=\"wpb-content-wrapper\"><p>[vc_row css_animation=\u00a0\u00bb\u00a0\u00bb row_type=\u00a0\u00bbrow\u00a0\u00bb use_row_as_full_screen_section=\u00a0\u00bbno\u00a0\u00bb type=\u00a0\u00bbfull_width\u00a0\u00bb angled_section=\u00a0\u00bbno\u00a0\u00bb text_align=\u00a0\u00bbleft\u00a0\u00bb background_image_as_pattern=\u00a0\u00bbwithout_pattern\u00a0\u00bb][vc_column][vc_single_image image=\u00a0\u00bb356&Prime; img_size=\u00a0\u00bbfull\u00a0\u00bb alignment=\u00a0\u00bbcenter\u00a0\u00bb qode_css_animation=\u00a0\u00bb\u00a0\u00bb][vc_empty_space height=\u00a0\u00bb6px\u00a0\u00bb][vc_column_text]<\/p>\n<h6>Photo : \u00c9douard Granjean<\/h6>\n<p>[\/vc_column_text][vc_empty_space height=\u00a0\u00bb14px\u00a0\u00bb][\/vc_column][\/vc_row][vc_row css_animation=\u00a0\u00bb\u00a0\u00bb row_type=\u00a0\u00bbrow\u00a0\u00bb use_row_as_full_screen_section=\u00a0\u00bbno\u00a0\u00bb type=\u00a0\u00bbfull_width\u00a0\u00bb angled_section=\u00a0\u00bbno\u00a0\u00bb text_align=\u00a0\u00bbleft\u00a0\u00bb background_image_as_pattern=\u00a0\u00bbwithout_pattern\u00a0\u00bb z_index=\u00a0\u00bb\u00a0\u00bb][vc_column][vc_column_text]<\/p>\n<p style=\"text-align: center; font-size: 18px; line-height: 24px;\">Figure de l\u2019art moderne, Jean Miotte est un peintre fran\u00e7ais\u00a0: son abstraction personnelle le place \u00e0 la fronti\u00e8re entre l\u2019art informel, le tachisme et l\u2019abstraction lyrique.<\/p>\n<p>[\/vc_column_text][vc_empty_space height=\u00a0\u00bb6px\u00a0\u00bb][vc_column_text]<\/p>\n<p style=\"text-align: center; font-size: 18px; line-height: 24px;\">La cr\u00e9ation d\u2019une fondation Jean Miotte \u00e0 Fribourg , r\u00e9pond \u00e0 un v\u0153u exprim\u00e9 de son vivant accompagn\u00e9 de Doroth\u00e9e Keeser, avec pour fonction de permettre le rayonnement de son \u0153uvre en France et \u00e0 l\u2019\u00e9tranger.<br \/>\nA la suite d\u2019\u00e9v\u00e9nements impr\u00e9vus, son transfert s\u2019est fait dans le quartier culturel de Chelsea \u00e0 New York en 2003.<br \/>\n\u00ab Quand vous arrivez \u00e0 vous imposer \u00e0 New York, vous vous imposez dans le monde \u00bb J. Miotte<\/p>\n<p>[\/vc_column_text][vc_empty_space height=\u00a0\u00bb6px\u00a0\u00bb][vc_column_text]<\/p>\n<p style=\"text-align: center; font-size: 18px; line-height: 24px;\">La fondation organise des rencontres, critiques d\u2019art, conservateurs de mus\u00e9es, commissaires d\u2019expositions.<br \/>\nElle assure enfin un service d\u2019expertises et d\u2019authentifications des \u0153uvres de l\u2019artiste.<\/p>\n<p>[\/vc_column_text][\/vc_column][\/vc_row][vc_row css_animation=\u00a0\u00bb\u00a0\u00bb row_type=\u00a0\u00bbrow\u00a0\u00bb use_row_as_full_screen_section=\u00a0\u00bbno\u00a0\u00bb type=\u00a0\u00bbfull_width\u00a0\u00bb angled_section=\u00a0\u00bbno\u00a0\u00bb text_align=\u00a0\u00bbleft\u00a0\u00bb background_image_as_pattern=\u00a0\u00bbwithout_pattern\u00a0\u00bb][vc_column][vc_empty_space height=\u00a0\u00bb50px\u00a0\u00bb][\/vc_column][\/vc_row][vc_row css_animation=\u00a0\u00bb\u00a0\u00bb row_type=\u00a0\u00bbrow\u00a0\u00bb use_row_as_full_screen_section=\u00a0\u00bbno\u00a0\u00bb type=\u00a0\u00bbfull_width\u00a0\u00bb angled_section=\u00a0\u00bbno\u00a0\u00bb text_align=\u00a0\u00bbleft\u00a0\u00bb background_image_as_pattern=\u00a0\u00bbwithout_pattern\u00a0\u00bb][vc_column][vc_column_text]<\/p>\n<h1 style=\"text-align: center;\">Actualit\u00e9s<\/h1>\n<p>[\/vc_column_text][vc_separator type=\u00a0\u00bbsmall\u00a0\u00bb position=\u00a0\u00bbcenter\u00a0\u00bb color=\u00a0\u00bb#000000&Prime; thickness=\u00a0\u00bb2&Prime; up=\u00a0\u00bb6&Prime;][vc_empty_space height=\u00a0\u00bb40px\u00a0\u00bb][\/vc_column][\/vc_row][vc_row css_animation=\u00a0\u00bb\u00a0\u00bb row_type=\u00a0\u00bbrow\u00a0\u00bb use_row_as_full_screen_section=\u00a0\u00bbno\u00a0\u00bb type=\u00a0\u00bbfull_width\u00a0\u00bb angled_section=\u00a0\u00bbno\u00a0\u00bb text_align=\u00a0\u00bbleft\u00a0\u00bb background_image_as_pattern=\u00a0\u00bbwithout_pattern\u00a0\u00bb z_index=\u00a0\u00bb\u00a0\u00bb][vc_column width=\u00a0\u00bb1\/2&Prime;][vc_gallery interval=\u00a0\u00bb5&Prime; images=\u00a0\u00bb488,489,487,490&Prime; img_size=\u00a0\u00bbfull\u00a0\u00bb onclick=\u00a0\u00bb\u00a0\u00bb][vc_empty_space height=\u00a0\u00bb20px\u00a0\u00bb][\/vc_column][vc_column width=\u00a0\u00bb1\/2&Prime;][vc_column_text]<span style=\"font-size: 18px; text-transform: uppercase;\">Exposition<\/span>[\/vc_column_text][vc_empty_space height=\u00a0\u00bb6px\u00a0\u00bb][vc_separator type=\u00a0\u00bbnormal\u00a0\u00bb color=\u00a0\u00bb#000000&Prime; thickness=\u00a0\u00bb1&Prime;][vc_empty_space height=\u00a0\u00bb6px\u00a0\u00bb][vc_column_text]<span style=\"font-size: 14px;\">Galerie Almine Rech<\/span>[\/vc_column_text][vc_empty_space height=\u00a0\u00bb10px\u00a0\u00bb][vc_column_text]<span style=\"font-size: 18px; line-height: 90%;\"><strong>Jean Miotte<\/strong><\/span>[\/vc_column_text][vc_column_text]7 \u2013 10 septembre 2023[\/vc_column_text][vc_empty_space height=\u00a0\u00bb10px\u00a0\u00bb][vc_column_text]Solo Show Jean Miotte, par la Galerie Almine Rech, au salon Independant \u00e0 New York.[\/vc_column_text][vc_empty_space height=\u00a0\u00bb10px\u00a0\u00bb][vc_column_text]<a style=\"font-size: 14px;\" href=\"https:\/\/www.alminerech.com\/news\/8156-almine-rech-now-represents-the-estate-of-jean-miotte\" target=\"_blank\" rel=\"noopener\">&gt; En savoir plus &gt; Site Almine Rech<\/a>[\/vc_column_text][\/vc_column][\/vc_row][vc_row css_animation=\u00a0\u00bb\u00a0\u00bb row_type=\u00a0\u00bbrow\u00a0\u00bb use_row_as_full_screen_section=\u00a0\u00bbno\u00a0\u00bb type=\u00a0\u00bbfull_width\u00a0\u00bb angled_section=\u00a0\u00bbno\u00a0\u00bb text_align=\u00a0\u00bbleft\u00a0\u00bb background_image_as_pattern=\u00a0\u00bbwithout_pattern\u00a0\u00bb][vc_column][vc_empty_space height=\u00a0\u00bb50px\u00a0\u00bb][\/vc_column][\/vc_row][vc_row css_animation=\u00a0\u00bb\u00a0\u00bb row_type=\u00a0\u00bbrow\u00a0\u00bb use_row_as_full_screen_section=\u00a0\u00bbno\u00a0\u00bb type=\u00a0\u00bbfull_width\u00a0\u00bb angled_section=\u00a0\u00bbno\u00a0\u00bb text_align=\u00a0\u00bbleft\u00a0\u00bb background_image_as_pattern=\u00a0\u00bbwithout_pattern\u00a0\u00bb z_index=\u00a0\u00bb\u00a0\u00bb][vc_column width=\u00a0\u00bb1\/2&Prime;][vc_single_image image=\u00a0\u00bb461&Prime; img_size=\u00a0\u00bbfull\u00a0\u00bb qode_css_animation=\u00a0\u00bb\u00a0\u00bb][vc_empty_space height=\u00a0\u00bb20px\u00a0\u00bb][\/vc_column][vc_column width=\u00a0\u00bb1\/2&Prime;][vc_column_text]<span style=\"font-size: 18px; text-transform: uppercase;\">Fondation Jean Miotte<\/span>[\/vc_column_text][vc_empty_space height=\u00a0\u00bb6px\u00a0\u00bb][vc_separator type=\u00a0\u00bbnormal\u00a0\u00bb color=\u00a0\u00bb#000000&Prime; thickness=\u00a0\u00bb1&Prime;][vc_empty_space height=\u00a0\u00bb6px\u00a0\u00bb][vc_column_text]<span style=\"font-size: 14px;\">Galerie Diane de Polignac et galerie Almine Rech<\/span>[\/vc_column_text][vc_empty_space height=\u00a0\u00bb10px\u00a0\u00bb][vc_column_text]<span style=\"font-size: 18px; line-height: 90%;\"><strong>Jean Miotte<\/strong><\/span>[\/vc_column_text][vc_empty_space height=\u00a0\u00bb10px\u00a0\u00bb][vc_column_text]La Fondation Jean Miotte est heureuse d\u2019annoncer la collaboration entre la galerie Diane de Polignac et la galerie Almine Rech pour la repr\u00e9sentation de l\u2019\u0153uvre de Jean Miotte.<\/p>\n<p>Du 7 au 10 septembre 2023, la Galerie Almine Rech pr\u00e9sentera un stand monographique d\u00e9di\u00e9 \u00e0 Jean Miotte lors de la foire Independant 20th Century \u00e0 New York.<\/p>\n<p>Conjointement \u00e0 cet \u00e9v\u00e8nement, la Galerie Diane de Polignac pr\u00e9sentera en octobre 2023 une exposition <em>Jean Miotte &amp; la danse<\/em>.[\/vc_column_text][vc_empty_space height=\u00a0\u00bb10px\u00a0\u00bb][vc_column_text]<\/p>\n<p><a style=\"font-size: 14px;\" href=\"https:\/\/dianedepolignac.com\/home-fr\/artistes-fr\/00-jean-miotte-fr\/\" target=\"_blank\" rel=\"noopener\">&gt; En savoir plus &gt; Site Galerie Diane de Polignac<\/a><\/p>\n<p><a style=\"font-size: 14px;\" href=\"https:\/\/www.alminerech.com\/news\/8156-almine-rech-now-represents-the-estate-of-jean-miotte\" target=\"_blank\" rel=\"noopener\">&gt; En savoir plus &gt; Site Almine Rech<\/a><\/p>\n<p>[\/vc_column_text][\/vc_column][\/vc_row][vc_row css_animation=\u00a0\u00bb\u00a0\u00bb row_type=\u00a0\u00bbrow\u00a0\u00bb use_row_as_full_screen_section=\u00a0\u00bbno\u00a0\u00bb type=\u00a0\u00bbfull_width\u00a0\u00bb angled_section=\u00a0\u00bbno\u00a0\u00bb text_align=\u00a0\u00bbleft\u00a0\u00bb background_image_as_pattern=\u00a0\u00bbwithout_pattern\u00a0\u00bb][vc_column][vc_empty_space height=\u00a0\u00bb50px\u00a0\u00bb][\/vc_column][\/vc_row][vc_row css_animation=\u00a0\u00bb\u00a0\u00bb row_type=\u00a0\u00bbrow\u00a0\u00bb use_row_as_full_screen_section=\u00a0\u00bbno\u00a0\u00bb type=\u00a0\u00bbfull_width\u00a0\u00bb angled_section=\u00a0\u00bbno\u00a0\u00bb text_align=\u00a0\u00bbleft\u00a0\u00bb background_image_as_pattern=\u00a0\u00bbwithout_pattern\u00a0\u00bb z_index=\u00a0\u00bb\u00a0\u00bb][vc_column width=\u00a0\u00bb1\/2&Prime;][vc_gallery interval=\u00a0\u00bb5&Prime; images=\u00a0\u00bb419,471&Prime; img_size=\u00a0\u00bbfull\u00a0\u00bb onclick=\u00a0\u00bb\u00a0\u00bb][vc_empty_space height=\u00a0\u00bb20px\u00a0\u00bb][\/vc_column][vc_column width=\u00a0\u00bb1\/2&Prime;][vc_column_text]<span style=\"font-size: 18px; text-transform: uppercase;\">Exposition<\/span>[\/vc_column_text][vc_empty_space height=\u00a0\u00bb6px\u00a0\u00bb][vc_separator type=\u00a0\u00bbnormal\u00a0\u00bb color=\u00a0\u00bb#000000&Prime; thickness=\u00a0\u00bb1&Prime;][vc_empty_space height=\u00a0\u00bb6px\u00a0\u00bb][vc_column_text]<span style=\"font-size: 14px;\">Galerie Diane de Polignac, Paris<\/span>[\/vc_column_text][vc_empty_space height=\u00a0\u00bb10px\u00a0\u00bb][vc_column_text]<span style=\"font-size: 18px; line-height: 90%;\"><strong>Jean Miotte<br \/>\nUn geste qu\u2019on porte en soi<br \/>\nHarmonie, impulsion, \u00e9quilibre<\/strong><\/span>[\/vc_column_text][vc_column_text]15 septembre \u2013 10 octobre 2022<br \/>\n[\/vc_column_text][vc_empty_space height=\u00a0\u00bb10px\u00a0\u00bb][vc_column_text]L\u2019\u00e9t\u00e9 2004, Jean Miotte me recevait \u00e0 Pignans dans son domaine varois. Grande figure embl\u00e9matique de la peinture fran\u00e7aise de la seconde moiti\u00e9 du XXe si\u00e8cle, cet acteur singulier de l\u2019abstraction lyrique aux avatars sans cesse renaissants, capte la mobilit\u00e9 comme l\u2019essence m\u00eame de la vie. Apr\u00e8s la travers\u00e9e d\u2019une pin\u00e8de aux fragrances enivrantes l\u2019atelier r\u00e9v\u00e8le une flamboyance color\u00e9e rare, dynamique et sonore.<\/p>\n<p>Lydia Harambourg[\/vc_column_text][vc_empty_space height=\u00a0\u00bb10px\u00a0\u00bb][vc_column_text]<a style=\"font-size: 14px;\" href=\"https:\/\/dianedepolignac.com\/home-fr\/expositions-fr\/exposition-jean-miotte-2022\/\" target=\"_blank\" rel=\"noopener\">&gt; En savoir plus &gt; Site Galerie Diane de Polignac<\/a>[\/vc_column_text][\/vc_column][\/vc_row][vc_row css_animation=\u00a0\u00bb\u00a0\u00bb row_type=\u00a0\u00bbrow\u00a0\u00bb use_row_as_full_screen_section=\u00a0\u00bbno\u00a0\u00bb type=\u00a0\u00bbfull_width\u00a0\u00bb angled_section=\u00a0\u00bbno\u00a0\u00bb text_align=\u00a0\u00bbleft\u00a0\u00bb background_image_as_pattern=\u00a0\u00bbwithout_pattern\u00a0\u00bb][vc_column][vc_empty_space height=\u00a0\u00bb50px\u00a0\u00bb][\/vc_column][\/vc_row][vc_row css_animation=\u00a0\u00bb\u00a0\u00bb row_type=\u00a0\u00bbrow\u00a0\u00bb use_row_as_full_screen_section=\u00a0\u00bbno\u00a0\u00bb type=\u00a0\u00bbfull_width\u00a0\u00bb angled_section=\u00a0\u00bbno\u00a0\u00bb text_align=\u00a0\u00bbleft\u00a0\u00bb background_image_as_pattern=\u00a0\u00bbwithout_pattern\u00a0\u00bb z_index=\u00a0\u00bb\u00a0\u00bb][vc_column width=\u00a0\u00bb1\/2&Prime;][vc_gallery interval=\u00a0\u00bb5&Prime; images=\u00a0\u00bb153,157,155,154,156&Prime; img_size=\u00a0\u00bbfull\u00a0\u00bb onclick=\u00a0\u00bb\u00a0\u00bb][vc_empty_space height=\u00a0\u00bb20px\u00a0\u00bb][\/vc_column][vc_column width=\u00a0\u00bb1\/2&Prime;][vc_column_text]<span style=\"font-size: 18px; text-transform: uppercase;\">Exposition<\/span>[\/vc_column_text][vc_empty_space height=\u00a0\u00bb6px\u00a0\u00bb][vc_separator type=\u00a0\u00bbnormal\u00a0\u00bb color=\u00a0\u00bb#000000&Prime; thickness=\u00a0\u00bb1&Prime;][vc_empty_space height=\u00a0\u00bb6px\u00a0\u00bb][vc_column_text]<span style=\"font-size: 14px;\">Galerie Diane de Polignac, Paris<\/span>[\/vc_column_text][vc_empty_space height=\u00a0\u00bb10px\u00a0\u00bb][vc_column_text]<span style=\"font-size: 18px; line-height: 90%;\"><strong>Jean Miotte<\/strong><\/span>[\/vc_column_text][vc_column_text]3 juin \u2013 3 juillet 2021[\/vc_column_text][vc_empty_space height=\u00a0\u00bb10px\u00a0\u00bb][vc_column_text]\u00a0\u00bbLa peinture de Jean Miotte est nourrie du jeu dramatique et de la performance. L\u2019artiste r\u00eave d\u2019une synth\u00e8se de la musique, de la peinture et de la chor\u00e9graphie. Jean Miotte s\u2019inscrit parfaitement dans le contexte artistique de la seconde moiti\u00e9 du XXe si\u00e8cle, o\u00f9 le mouvement prend une place importante dans l\u2019art pictural avec l\u2019Abstraction lyrique, l\u2019Action painting, l\u2019art cin\u00e9tique, l\u2019expressionnisme abstrait, la performance\u2026 Les tableaux de Jean Miotte sont cr\u00e9\u00e9s dans un geste imm\u00e9diat, une fulgurance. \u00ab Le mouvement est ma vie \u00bb rappelle-t-il.\u00a0\u00bb&#8230;[\/vc_column_text][vc_empty_space height=\u00a0\u00bb10px\u00a0\u00bb][vc_column_text]<a style=\"font-size: 14px;\" href=\"https:\/\/dianedepolignac.com\/home-fr\/expositions-fr\/expositions\/exposition-jean-miotte-2021\/\" target=\"_blank\" rel=\"noopener\">&gt; En savoir plus &gt; Site Galerie Diane de Polignac<\/a>[\/vc_column_text][\/vc_column][\/vc_row][vc_row css_animation=\u00a0\u00bb\u00a0\u00bb row_type=\u00a0\u00bbrow\u00a0\u00bb use_row_as_full_screen_section=\u00a0\u00bbno\u00a0\u00bb type=\u00a0\u00bbfull_width\u00a0\u00bb angled_section=\u00a0\u00bbno\u00a0\u00bb text_align=\u00a0\u00bbleft\u00a0\u00bb background_image_as_pattern=\u00a0\u00bbwithout_pattern\u00a0\u00bb][vc_column][vc_empty_space height=\u00a0\u00bb50px\u00a0\u00bb][\/vc_column][\/vc_row]<\/p>\n<\/div>","protected":false},"excerpt":{"rendered":"<p>[vc_row css_animation=\u00a0\u00bb\u00a0\u00bb row_type=\u00a0\u00bbrow\u00a0\u00bb use_row_as_full_screen_section=\u00a0\u00bbno\u00a0\u00bb type=\u00a0\u00bbfull_width\u00a0\u00bb angled_section=\u00a0\u00bbno\u00a0\u00bb text_align=\u00a0\u00bbleft\u00a0\u00bb background_image_as_pattern=\u00a0\u00bbwithout_pattern\u00a0\u00bb][vc_column][vc_single_image image=\u00a0\u00bb356&Prime; img_size=\u00a0\u00bbfull\u00a0\u00bb alignment=\u00a0\u00bbcenter\u00a0\u00bb qode_css_animation=\u00a0\u00bb\u00a0\u00bb][vc_empty_space height=\u00a0\u00bb6px\u00a0\u00bb][vc_column_text] Photo : \u00c9douard Granjean [\/vc_column_text][vc_empty_space height=\u00a0\u00bb14px\u00a0\u00bb][\/vc_column][\/vc_row][vc_row css_animation=\u00a0\u00bb\u00a0\u00bb row_type=\u00a0\u00bbrow\u00a0\u00bb use_row_as_full_screen_section=\u00a0\u00bbno\u00a0\u00bb type=\u00a0\u00bbfull_width\u00a0\u00bb angled_section=\u00a0\u00bbno\u00a0\u00bb text_align=\u00a0\u00bbleft\u00a0\u00bb background_image_as_pattern=\u00a0\u00bbwithout_pattern\u00a0\u00bb z_index=\u00a0\u00bb\u00a0\u00bb][vc_column][vc_column_text] Figure de l\u2019art moderne, Jean Miotte est un peintre fran\u00e7ais\u00a0: son abstraction personnelle le place \u00e0 la fronti\u00e8re&#8230;<\/p>\n","protected":false},"author":2,"featured_media":0,"parent":0,"menu_order":0,"comment_status":"closed","ping_status":"closed","template":"","meta":{"footnotes":""},"class_list":["post-143","page","type-page","status-publish","hentry"],"yoast_head":"<!-- This site is optimized with the Yoast SEO plugin v24.6 - https:\/\/yoast.com\/wordpress\/plugins\/seo\/ -->\n<title>Jean Miotte - Fondation Jean Miotte<\/title>\n<meta name=\"description\" content=\"La Fondation Jean Miotte organise des expositions, des rencontres et un service d\u2019expertises et d\u2019authentifications des \u0153uvres.\" \/>\n<meta name=\"robots\" content=\"index, follow, max-snippet:-1, max-image-preview:large, max-video-preview:-1\" \/>\n<link rel=\"canonical\" href=\"https:\/\/fondationmiotte.com\/\" \/>\n<meta property=\"og:locale\" content=\"fr_FR\" \/>\n<meta property=\"og:type\" content=\"article\" \/>\n<meta property=\"og:title\" content=\"Jean Miotte - Fondation Jean Miotte\" \/>\n<meta property=\"og:description\" content=\"La Fondation Jean Miotte organise des expositions, des rencontres et un service d\u2019expertises et d\u2019authentifications des \u0153uvres.\" \/>\n<meta property=\"og:url\" content=\"https:\/\/fondationmiotte.com\/\" \/>\n<meta property=\"og:site_name\" content=\"Fondation Jean Miotte\" \/>\n<meta property=\"article:modified_time\" content=\"2023-09-26T16:39:54+00:00\" \/>\n<meta name=\"twitter:card\" content=\"summary_large_image\" \/>\n<meta name=\"twitter:label1\" content=\"Dur\u00e9e de lecture estim\u00e9e\" \/>\n\t<meta name=\"twitter:data1\" content=\"4 minutes\" \/>\n<script type=\"application\/ld+json\" class=\"yoast-schema-graph\">{\"@context\":\"https:\/\/schema.org\",\"@graph\":[{\"@type\":\"WebPage\",\"@id\":\"https:\/\/fondationmiotte.com\/\",\"url\":\"https:\/\/fondationmiotte.com\/\",\"name\":\"Jean Miotte - Fondation Jean Miotte\",\"isPartOf\":{\"@id\":\"https:\/\/fondationmiotte.com\/#website\"},\"datePublished\":\"2022-06-24T13:28:17+00:00\",\"dateModified\":\"2023-09-26T16:39:54+00:00\",\"description\":\"La Fondation Jean Miotte organise des expositions, des rencontres et un service d\u2019expertises et d\u2019authentifications des \u0153uvres.\",\"breadcrumb\":{\"@id\":\"https:\/\/fondationmiotte.com\/#breadcrumb\"},\"inLanguage\":\"fr-FR\",\"potentialAction\":[{\"@type\":\"ReadAction\",\"target\":[\"https:\/\/fondationmiotte.com\/\"]}]},{\"@type\":\"BreadcrumbList\",\"@id\":\"https:\/\/fondationmiotte.com\/#breadcrumb\",\"itemListElement\":[{\"@type\":\"ListItem\",\"position\":1,\"name\":\"Accueil\",\"item\":\"https:\/\/fondationmiotte.com\/\"},{\"@type\":\"ListItem\",\"position\":2,\"name\":\"Fondation Jean Miotte\"}]},{\"@type\":\"WebSite\",\"@id\":\"https:\/\/fondationmiotte.com\/#website\",\"url\":\"https:\/\/fondationmiotte.com\/\",\"name\":\"Fondation Jean Miotte\",\"description\":\"Fondation Jean Miotte\",\"potentialAction\":[{\"@type\":\"SearchAction\",\"target\":{\"@type\":\"EntryPoint\",\"urlTemplate\":\"https:\/\/fondationmiotte.com\/?s={search_term_string}\"},\"query-input\":{\"@type\":\"PropertyValueSpecification\",\"valueRequired\":true,\"valueName\":\"search_term_string\"}}],\"inLanguage\":\"fr-FR\"}]}<\/script>\n<!-- \/ Yoast SEO plugin. -->","yoast_head_json":{"title":"Jean Miotte - Fondation Jean Miotte","description":"La Fondation Jean Miotte organise des expositions, des rencontres et un service d\u2019expertises et d\u2019authentifications des \u0153uvres.","robots":{"index":"index","follow":"follow","max-snippet":"max-snippet:-1","max-image-preview":"max-image-preview:large","max-video-preview":"max-video-preview:-1"},"canonical":"https:\/\/fondationmiotte.com\/","og_locale":"fr_FR","og_type":"article","og_title":"Jean Miotte - Fondation Jean Miotte","og_description":"La Fondation Jean Miotte organise des expositions, des rencontres et un service d\u2019expertises et d\u2019authentifications des \u0153uvres.","og_url":"https:\/\/fondationmiotte.com\/","og_site_name":"Fondation Jean Miotte","article_modified_time":"2023-09-26T16:39:54+00:00","twitter_card":"summary_large_image","twitter_misc":{"Dur\u00e9e de lecture estim\u00e9e":"4 minutes"},"schema":{"@context":"https:\/\/schema.org","@graph":[{"@type":"WebPage","@id":"https:\/\/fondationmiotte.com\/","url":"https:\/\/fondationmiotte.com\/","name":"Jean Miotte - Fondation Jean Miotte","isPartOf":{"@id":"https:\/\/fondationmiotte.com\/#website"},"datePublished":"2022-06-24T13:28:17+00:00","dateModified":"2023-09-26T16:39:54+00:00","description":"La Fondation Jean Miotte organise des expositions, des rencontres et un service d\u2019expertises et d\u2019authentifications des \u0153uvres.","breadcrumb":{"@id":"https:\/\/fondationmiotte.com\/#breadcrumb"},"inLanguage":"fr-FR","potentialAction":[{"@type":"ReadAction","target":["https:\/\/fondationmiotte.com\/"]}]},{"@type":"BreadcrumbList","@id":"https:\/\/fondationmiotte.com\/#breadcrumb","itemListElement":[{"@type":"ListItem","position":1,"name":"Accueil","item":"https:\/\/fondationmiotte.com\/"},{"@type":"ListItem","position":2,"name":"Fondation Jean Miotte"}]},{"@type":"WebSite","@id":"https:\/\/fondationmiotte.com\/#website","url":"https:\/\/fondationmiotte.com\/","name":"Fondation Jean Miotte","description":"Fondation Jean Miotte","potentialAction":[{"@type":"SearchAction","target":{"@type":"EntryPoint","urlTemplate":"https:\/\/fondationmiotte.com\/?s={search_term_string}"},"query-input":{"@type":"PropertyValueSpecification","valueRequired":true,"valueName":"search_term_string"}}],"inLanguage":"fr-FR"}]}},"_links":{"self":[{"href":"https:\/\/fondationmiotte.com\/index.php\/wp-json\/wp\/v2\/pages\/143","targetHints":{"allow":["GET"]}}],"collection":[{"href":"https:\/\/fondationmiotte.com\/index.php\/wp-json\/wp\/v2\/pages"}],"about":[{"href":"https:\/\/fondationmiotte.com\/index.php\/wp-json\/wp\/v2\/types\/page"}],"author":[{"embeddable":true,"href":"https:\/\/fondationmiotte.com\/index.php\/wp-json\/wp\/v2\/users\/2"}],"replies":[{"embeddable":true,"href":"https:\/\/fondationmiotte.com\/index.php\/wp-json\/wp\/v2\/comments?post=143"}],"version-history":[{"count":83,"href":"https:\/\/fondationmiotte.com\/index.php\/wp-json\/wp\/v2\/pages\/143\/revisions"}],"predecessor-version":[{"id":491,"href":"https:\/\/fondationmiotte.com\/index.php\/wp-json\/wp\/v2\/pages\/143\/revisions\/491"}],"wp:attachment":[{"href":"https:\/\/fondationmiotte.com\/index.php\/wp-json\/wp\/v2\/media?parent=143"}],"curies":[{"name":"wp","href":"https:\/\/api.w.org\/{rel}","templated":true}]}}